{"id":693,"date":"2025-04-10T12:18:50","date_gmt":"2025-04-10T10:18:50","guid":{"rendered":"https:\/\/plantalys.fr\/?page_id=693"},"modified":"2025-04-10T12:18:50","modified_gmt":"2025-04-10T10:18:50","slug":"mentions-legales","status":"publish","type":"page","link":"https:\/\/plantalys.fr\/index.php\/mentions-legales\/","title":{"rendered":"Mentions l\u00e9gales"},"content":{"rendered":"\n<div class=\"wp-block-uagb-advanced-heading uagb-block-de526cee\"><h2 class=\"uagb-heading-text\"><strong>Mentions l\u00e9gales<\/strong><\/h2><\/div>\n\n\n\n<p>Ce site est publi\u00e9 par Plantalys, une Soci\u00e9t\u00e9 par Actions Simplifi\u00e9e (SAS) au capital social de 7100 \u20ac(euros), enregistr\u00e9 au RCS de Niort sous le num\u00e9ro 851\u00a0877\u00a0308<\/p>\n\n\n\n<p>Si\u00e8ge social : 6 rue du Ch\u00e2teau \u2013 79390 Doux<br>Directeur de publication : Fran\u00e7oise Rocher<\/p>\n\n\n\n<p>Site h\u00e9berg\u00e9 par OVH Groupe SA,  RCS de Lille 537 407\u00a0926. Si\u00e8ge social :\u00a02, rue Kellermann, 59100 Roubaix.<\/p>\n\n\n\n<p>Cr\u00e9dits photo :<br>\u00a9 Plantalys<\/p>\n\n\n\n<div class=\"wp-block-uagb-advanced-heading uagb-block-c5e077c5\"><h2 class=\"uagb-heading-text\"><strong>Propri\u00e9t\u00e9 intellectuelle<\/strong><\/h2><\/div>\n\n\n\n<p>L&rsquo;ensemble du contenu du site plantalys.fr, y compris les textes, images, graphismes et logos, est la propri\u00e9t\u00e9 de Plantalys SAS ou de tiers ayant autoris\u00e9 Plantalys \u00e0 les utiliser. Toute reproduction, distribution, modification ou utilisation de ces contenus, sans autorisation pr\u00e9alable \u00e9crite de Plantalys, est interdite.\u200b<\/p>\n\n\n\n<div class=\"wp-block-uagb-advanced-heading uagb-block-664a5be1\"><h2 class=\"uagb-heading-text\"><strong><strong>Protection des donn\u00e9es personnelles<\/strong><\/strong><\/h2><\/div>\n\n\n\n<p>Plantalys s&rsquo;engage \u00e0 ce que la collecte et le traitement de vos donn\u00e9es, effectu\u00e9s \u00e0 partir du site plantalys.fr, soient conformes au R\u00e8glement G\u00e9n\u00e9ral sur la Protection des Donn\u00e9es (RGPD). Vous disposez d&rsquo;un droit d&rsquo;acc\u00e8s, de rectification et de suppression des informations qui vous concernent, que vous pouvez exercer en nous contactant \u00e0 l&rsquo;adresse email mentionn\u00e9e ci-dessus.\u200b<\/p>\n\n\n\n<p><\/p>\n","protected":false},"excerpt":{"rendered":"<p>Mentions l\u00e9gales Ce site est publi\u00e9 par Plantalys, une Soci\u00e9t\u00e9 par Actions Simplifi\u00e9e (SAS) au capital social de 7100 \u20ac(euros), enregistr\u00e9 au RCS de Niort sous le num\u00e9ro 851\u00a0877\u00a0308 Si\u00e8ge social : 6 rue du Ch\u00e2teau \u2013 79390 DouxDirecteur de publication : Fran\u00e7oise Rocher Site h\u00e9berg\u00e9 par OVH Groupe SA, RCS de Lille 537 407\u00a0926. [&hellip;]<\/p>\n","protected":false},"author":1,"featured_media":0,"parent":0,"menu_order":0,"comment_status":"closed","ping_status":"closed","template":"","meta":{"_uag_custom_page_level_css":"","iawp_total_views":10,"footnotes":""},"class_list":["post-693","page","type-page","status-publish","hentry"],"uagb_featured_image_src":{"full":false,"thumbnail":false,"medium":false,"medium_large":false,"large":false,"1536x1536":false,"2048x2048":false},"uagb_author_info":{"display_name":"plantadmin","author_link":"https:\/\/plantalys.fr\/index.php\/author\/plantadmin\/"},"uagb_comment_info":0,"uagb_excerpt":"Mentions l\u00e9gales Ce site est publi\u00e9 par Plantalys, une Soci\u00e9t\u00e9 par Actions Simplifi\u00e9e (SAS) au capital social de 7100 \u20ac(euros), enregistr\u00e9 au RCS de Niort sous le num\u00e9ro 851\u00a0877\u00a0308 Si\u00e8ge social : 6 rue du Ch\u00e2teau \u2013 79390 DouxDirecteur de publication : Fran\u00e7oise Rocher Site h\u00e9berg\u00e9 par OVH Groupe SA, RCS de Lille 537 407\u00a0926.\u2026","_links":{"self":[{"href":"https:\/\/plantalys.fr\/index.php\/wp-json\/wp\/v2\/pages\/693","targetHints":{"allow":["GET"]}}],"collection":[{"href":"https:\/\/plantalys.fr\/index.php\/wp-json\/wp\/v2\/pages"}],"about":[{"href":"https:\/\/plantalys.fr\/index.php\/wp-json\/wp\/v2\/types\/page"}],"author":[{"embeddable":true,"href":"https:\/\/plantalys.fr\/index.php\/wp-json\/wp\/v2\/users\/1"}],"replies":[{"embeddable":true,"href":"https:\/\/plantalys.fr\/index.php\/wp-json\/wp\/v2\/comments?post=693"}],"version-history":[{"count":5,"href":"https:\/\/plantalys.fr\/index.php\/wp-json\/wp\/v2\/pages\/693\/revisions"}],"predecessor-version":[{"id":698,"href":"https:\/\/plantalys.fr\/index.php\/wp-json\/wp\/v2\/pages\/693\/revisions\/698"}],"wp:attachment":[{"href":"https:\/\/plantalys.fr\/index.php\/wp-json\/wp\/v2\/media?parent=693"}],"curies":[{"name":"wp","href":"https:\/\/api.w.org\/{rel}","templated":true}]}}